{"id":1572,"date":"2017-08-05T18:05:53","date_gmt":"2017-08-05T16:05:53","guid":{"rendered":"http:\/\/www.velemir-sorger.de\/?page_id=1572"},"modified":"2025-03-27T15:12:00","modified_gmt":"2025-03-27T14:12:00","slug":"coaching-rosenheim","status":"publish","type":"page","link":"https:\/\/velemir-sorger.de\/wordpress\/coaching-rosenheim\/","title":{"rendered":"Coaching Rosenheim"},"content":{"rendered":"<p>[et_pb_section fb_built=&#8220;1&#8243; fullwidth=&#8220;on&#8220; custom_padding_last_edited=&#8220;on|desktop&#8220; _builder_version=&#8220;4.16&#8243; custom_padding_tablet=&#8220;50px|0|50px|0&#8243; padding_mobile=&#8220;off&#8220; global_colors_info=&#8220;{}&#8220; custom_padding_phone=&#8220;50px|0|50px|0&#8243;][et_pb_fullwidth_header title=&#8220;Begleitung &#038; Training f\u00fcr &#8230;&#8220; content_max_width=&#8220;none&#8220; _builder_version=&#8220;4.16&#8243; background_color=&#8220;rgba(255, 255, 255, 0)&#8220; background_image=&#8220;https:\/\/velemir-sorger.de\/wordpress\/wp-content\/uploads\/2016\/02\/Insel_WP.jpg&#8220; background_layout=&#8220;light&#8220; global_colors_info=&#8220;{}&#8220; button_one_text_size__hover_enabled=&#8220;off&#8220; button_two_text_size__hover_enabled=&#8220;off&#8220; button_one_text_color__hover_enabled=&#8220;off&#8220; button_two_text_color__hover_enabled=&#8220;off&#8220; button_one_border_width__hover_enabled=&#8220;off&#8220; button_two_border_width__hover_enabled=&#8220;off&#8220; button_one_border_color__hover_enabled=&#8220;off&#8220; button_two_border_color__hover_enabled=&#8220;off&#8220; button_one_border_radius__hover_enabled=&#8220;off&#8220; button_two_border_radius__hover_enabled=&#8220;off&#8220; button_one_letter_spacing__hover_enabled=&#8220;off&#8220; button_two_letter_spacing__hover_enabled=&#8220;off&#8220; button_one_bg_color__hover_enabled=&#8220;off&#8220; button_two_bg_color__hover_enabled=&#8220;off&#8220;]&nbsp;<br \/>\n[\/et_pb_fullwidth_header][\/et_pb_section][et_pb_section fb_built=&#8220;1&#8243; admin_label=&#8220;section&#8220; _builder_version=&#8220;4.16&#8243; global_colors_info=&#8220;{}&#8220;][et_pb_row admin_label=&#8220;row&#8220; _builder_version=&#8220;4.16&#8243; background_size=&#8220;initial&#8220; background_position=&#8220;top_left&#8220; background_repeat=&#8220;repeat&#8220; global_colors_info=&#8220;{}&#8220; column_structure=&#8220;1_3,1_3,1_3&#8243;][et_pb_column type=&#8220;1_3&#8243; _builder_version=&#8220;4.16&#8243; custom_padding=&#8220;|||&#8220; global_colors_info=&#8220;{}&#8220; custom_padding__hover=&#8220;|||&#8220;][et_pb_text admin_label=&#8220;HDL Unt.&#8220; _builder_version=&#8220;4.16&#8243; background_size=&#8220;initial&#8220; background_position=&#8220;top_left&#8220; background_repeat=&#8220;repeat&#8220; global_colors_info=&#8220;{}&#8220;]<\/p>\n<h4><span style=\"color: #ff9900;\">Unternehmen<\/span><\/h4>\n<p>[\/et_pb_text][et_pb_accordion admin_label=&#8220;Unternehmen&#8220; _builder_version=&#8220;4.24.0&#8243; border_style=&#8220;solid&#8220; global_colors_info=&#8220;{}&#8220;][et_pb_accordion_item title=&#8220;F\u00fchrungscoaching&#8220; open=&#8220;on&#8220; _builder_version=&#8220;4.16&#8243; background_size=&#8220;initial&#8220; background_position=&#8220;top_left&#8220; background_repeat=&#8220;repeat&#8220; global_colors_info=&#8220;{}&#8220;]F\u00fchrung muss individuell sein. Einerseits. Gleichzeitig ist F\u00fchrung ein Kernprozess wie andere Prozesse auch.<\/p>\n<p>F\u00fcr nahezu alle F\u00fchrungsbereiche bieten wir detaillierte Rahmenprozesse und passende Einf\u00fchrungsworkshops.<\/p>\n<p><strong>Trainings<\/strong> (auch on the Job), Umsetzungsbegleitung und komplette <strong>Ausbildungszyklen<\/strong> konzipieren wir individuell.<\/p>\n<p>&nbsp;<br \/>\n[\/et_pb_accordion_item][et_pb_accordion_item title=&#8220;Executive Coaching&#8220; _builder_version=&#8220;4.16&#8243; background_size=&#8220;initial&#8220; background_position=&#8220;top_left&#8220; background_repeat=&#8220;repeat&#8220; global_colors_info=&#8220;{}&#8220; open=&#8220;off&#8220;]<\/p>\n<p class=\"text\">Im TOP-Management stehen Sie st\u00e4ndig im Fokus kritischer Beobachter. Intern wie extern.<\/p>\n<p class=\"text\"><a href=\"https:\/\/velemir-sorger.de\/wordpress\/executive-coaching\/\" target=\"_blank\" rel=\"noopener\">Weiterlesen &gt;&gt;&gt;<\/a><\/p>\n<p>&nbsp;<\/p>\n<p>&nbsp;<br \/>\n[\/et_pb_accordion_item][et_pb_accordion_item title=&#8220;Teamentwicklung&#8220; _builder_version=&#8220;4.16&#8243; background_size=&#8220;initial&#8220; background_position=&#8220;top_left&#8220; background_repeat=&#8220;repeat&#8220; global_colors_info=&#8220;{}&#8220; open=&#8220;off&#8220;]Wenn ein Team nicht &#8222;rund l\u00e4uft&#8220; oder es zwischen einzelnen Personen gekracht hat &#8211; mit meditativen Elementen wird eine neue Basis f\u00fcr fruchtbare Kooperation geschaffen.<\/p>\n<p>&nbsp;<br \/>\n[\/et_pb_accordion_item][et_pb_accordion_item title=&#8220;Change-Management&#8220; _builder_version=&#8220;4.16&#8243; background_size=&#8220;initial&#8220; background_position=&#8220;top_left&#8220; background_repeat=&#8220;repeat&#8220; global_colors_info=&#8220;{}&#8220; open=&#8220;off&#8220;]Die meisten Change-Projekte sind gut geplant, sauber strukturiert und sorgf\u00e4ltig umgesetzt. Weil in der Praxis trotzdem viele davon scheitern liegt unser Hauptaugenmerk auf der Ver\u00e4nderungs<strong>f\u00e4higkeit<\/strong>. Des Einzelnen und der ganzen Organisation.<\/p>\n<p>&nbsp;<br \/>\n[\/et_pb_accordion_item][et_pb_accordion_item title=&#8220;Potenzialanalysen&#8220; _builder_version=&#8220;4.16&#8243; background_size=&#8220;initial&#8220; background_position=&#8220;top_left&#8220; background_repeat=&#8220;repeat&#8220; global_colors_info=&#8220;{}&#8220; open=&#8220;off&#8220;]Ob Neubesetzung einer Position oder gezielte Personalentwicklung. DIN-Zertifizierte Potenzialanalysen liefern wertvolle Entscheidungshilfen und den Einstieg in eine gezielte pers\u00f6nliche Weiterentwicklung.<\/p>\n<p>&nbsp;<br \/>\n[\/et_pb_accordion_item][et_pb_accordion_item title=&#8220;F\u00fchrungstimer&#8220; _builder_version=&#8220;4.16&#8243; background_size=&#8220;initial&#8220; background_position=&#8220;top_left&#8220; background_repeat=&#8220;repeat&#8220; global_colors_info=&#8220;{}&#8220; open=&#8220;off&#8220;]Das von uns entwickelte Instrument zeigt unter Ber\u00fccksichtigung einer Vielzahl von Parametern den erforderlichen zeitlichen F\u00fchrungsaufwand und liefert praktische Unterst\u00fctzung bei der Wahrnehmung von F\u00fchrungsaufgaben. Bayern-Innovativ f\u00f6rdert die Entwicklung des Tools mit einem Innovationsgutschein.<\/p>\n<p>&nbsp;<br \/>\n[\/et_pb_accordion_item][et_pb_accordion_item title=&#8220;Workshop-Moderation&#8220; _builder_version=&#8220;4.24.0&#8243; background_size=&#8220;initial&#8220; background_position=&#8220;top_left&#8220; background_repeat=&#8220;repeat&#8220; hover_enabled=&#8220;0&#8243; global_colors_info=&#8220;{}&#8220; open=&#8220;off&#8220; sticky_enabled=&#8220;0&#8243;]<\/p>\n<p>Unser Hauptanliegen: Nah am Menschen, am Teilnehmer.<\/p>\n<p>Auf der Grundlage der Systemenergetik erreichen wir in Workshops eine hohe Nachhaltigkeit. Auch hier gilt unser Leitsatz: Vom Potenzial zur F\u00e4higkeit.<\/p>\n<p>&nbsp;<\/p>\n<p>[\/et_pb_accordion_item][\/et_pb_accordion][\/et_pb_column][et_pb_column type=&#8220;1_3&#8243; _builder_version=&#8220;4.16&#8243; custom_padding=&#8220;|||&#8220; global_colors_info=&#8220;{}&#8220; custom_padding__hover=&#8220;|||&#8220;][et_pb_text admin_label=&#8220;HDL Erw.&#8220; _builder_version=&#8220;4.16&#8243; background_size=&#8220;initial&#8220; background_position=&#8220;top_left&#8220; background_repeat=&#8220;repeat&#8220; global_colors_info=&#8220;{}&#8220;]<\/p>\n<h4><span style=\"color: #ff9900;\">Erwachsene<\/span><\/h4>\n<p>[\/et_pb_text][et_pb_accordion admin_label=&#8220;Erwachsene&#8220; _builder_version=&#8220;4.16&#8243; toggle_line_height=&#8220;1.3em&#8220; border_style=&#8220;solid&#8220; global_colors_info=&#8220;{}&#8220;][et_pb_accordion_item title=&#8220;Systemische Gespr\u00e4chsvorbereitung&#8220; open=&#8220;on&#8220; _builder_version=&#8220;4.16&#8243; background_size=&#8220;initial&#8220; background_position=&#8220;top_left&#8220; background_repeat=&#8220;repeat&#8220; global_colors_info=&#8220;{}&#8220;]Denken &#8211; F\u00fchlen &#8211; Handeln: Wir analysieren den Kontext und ber\u00fccksichtigen vorhandene Emotionen als Schl\u00fcssel zur L\u00f6sung. Zwei ausf\u00fchrliche Treffen zur Gespr\u00e4chsvorbereitung, dann f\u00fchren Sie Ihr Gespr\u00e4ch. Und in\u00a0einem Nachbereitungstreffen sichern wir das Erreichte ab und legen fest, wie mit den Reaktionen umzugehen ist.<br \/>\n[\/et_pb_accordion_item][et_pb_accordion_item title=&#8220;Einzelcoaching&#8220; _builder_version=&#8220;4.16&#8243; background_size=&#8220;initial&#8220; background_position=&#8220;top_left&#8220; background_repeat=&#8220;repeat&#8220; global_colors_info=&#8220;{}&#8220; open=&#8220;off&#8220;]Nicht allt\u00e4gliche\u00a0berufliche oder private Situationen stellen uns manchmal vor besondere Herausforderungen. Oft reichen schon f\u00fcnf Einzelstunden, um die n\u00f6tigen\u00a0Kl\u00e4rungen herbeizuf\u00fchren.<br \/>\n[\/et_pb_accordion_item][et_pb_accordion_item title=&#8220;Selbst- und Zeitmanagement&#8220; _builder_version=&#8220;4.16&#8243; background_size=&#8220;initial&#8220; background_position=&#8220;top_left&#8220; background_repeat=&#8220;repeat&#8220; global_colors_info=&#8220;{}&#8220; open=&#8220;off&#8220;]Wir verstehen Selbstmanagement als ganzheitlichen Ansatz f\u00fcr gezielte pers\u00f6nliche und berufliche Weiterentwicklung. Unsere Kombination von Kurs und Coaching vermittelt einerseits wichtige\u00a0Impulse und sorgt andererseits f\u00fcr\u00b4s Dranbleiben.<\/p>\n<p><a href=\"https:\/\/velemir-sorger.de\/wordpress\/index.php\/selbstorganistin-und-zeitmanagement\/\">mehr &gt;&gt;&gt;<\/a><br \/>\n[\/et_pb_accordion_item][et_pb_accordion_item title=&#8220;Schwierige Entscheidungen&#8220; _builder_version=&#8220;4.16&#8243; background_size=&#8220;initial&#8220; background_position=&#8220;top_left&#8220; background_repeat=&#8220;repeat&#8220; global_colors_info=&#8220;{}&#8220; open=&#8220;off&#8220;]&#8220;Handle stets so, dass sich Deine M\u00f6glichkeiten erweitern&#8220;.\u00a0<em>Heinz von F\u00f6rster<\/em><\/p>\n<p>Dieses Zitat ist Richtschnur und Ma\u00dfstab f\u00fcr unsere Begleitung bei der Suche nach dem richtigen Weg.<\/p>\n<p style=\"text-align: right;\"><a href=\"https:\/\/velemir-sorger.de\/wordpress\/alternativen-pruefen-entscheidungen-treffen\/\">&gt;&gt;&gt; mehr<\/a><\/p>\n<p>[\/et_pb_accordion_item][\/et_pb_accordion][\/et_pb_column][et_pb_column type=&#8220;1_3&#8243; _builder_version=&#8220;4.16&#8243; custom_padding=&#8220;|||&#8220; global_colors_info=&#8220;{}&#8220; custom_padding__hover=&#8220;|||&#8220;][et_pb_text admin_label=&#8220;HDL Paar&#8220; _builder_version=&#8220;4.16&#8243; background_size=&#8220;initial&#8220; background_position=&#8220;top_left&#8220; background_repeat=&#8220;repeat&#8220; global_colors_info=&#8220;{}&#8220;]<\/p>\n<h4><span style=\"color: #ff9900;\">Paare und Familien<\/span><\/h4>\n<p>[\/et_pb_text][et_pb_accordion admin_label=&#8220;Paare&#8220; _builder_version=&#8220;4.16&#8243; border_style=&#8220;solid&#8220; global_colors_info=&#8220;{}&#8220;][et_pb_accordion_item title=&#8220;Einander verstehen&#8220; open=&#8220;on&#8220; _builder_version=&#8220;4.16&#8243; background_size=&#8220;initial&#8220; background_position=&#8220;top_left&#8220; background_repeat=&#8220;repeat&#8220; global_colors_info=&#8220;{}&#8220;]Kommunikation in Beziehungen unterliegt eigenen Anforderungen und bedarf einer gewissen Konfliktfreude.<\/p>\n<p>In drei kurzen, individuellen Workshops lernen Sie sich noch besser kennen und vor allem authentisch zu artikulieren.<\/p>\n<p>&nbsp;<br \/>\n[\/et_pb_accordion_item][et_pb_accordion_item title=&#8220;Beziehungskrisen&#8220; _builder_version=&#8220;4.16&#8243; background_size=&#8220;initial&#8220; background_position=&#8220;top_left&#8220; background_repeat=&#8220;repeat&#8220; global_colors_info=&#8220;{}&#8220; open=&#8220;off&#8220;]Krisen in Beziehungen sind normal. Wer sie als Chancen zu nutzen versteht, erntet eine Vertiefung der Bindung.<\/p>\n<p>&nbsp;<br \/>\n[\/et_pb_accordion_item][et_pb_accordion_item title=&#8220;Gehen oder bleiben?&#8220; _builder_version=&#8220;4.16&#8243; background_size=&#8220;initial&#8220; background_position=&#8220;top_left&#8220; background_repeat=&#8220;repeat&#8220; global_colors_info=&#8220;{}&#8220; open=&#8220;off&#8220;]Manchmal ist das Vertrauen ineinander so ersch\u00fcttert, dass zun\u00e4chst gepr\u00fcft\u00a0werden muss, ob noch eine tragf\u00e4hige Basis f\u00fcr ein k\u00fcnftiges gedeihliches Miteinander gegeben ist. Wir unterst\u00fctzen Sie bei dieser Kl\u00e4rung.<\/p>\n<p>&nbsp;<br \/>\n[\/et_pb_accordion_item][\/et_pb_accordion][et_pb_divider color=&#8220;#ffffff&#8220; disabled_on=&#8220;on|on|off&#8220; _builder_version=&#8220;4.16&#8243; height=&#8220;5px&#8220; global_colors_info=&#8220;{}&#8220;]&nbsp;<br \/>\n[\/et_pb_divider][et_pb_text admin_label=&#8220;HDL Jug.&#8220; _builder_version=&#8220;4.16&#8243; background_size=&#8220;initial&#8220; background_position=&#8220;top_left&#8220; background_repeat=&#8220;repeat&#8220; global_colors_info=&#8220;{}&#8220;]<\/p>\n<h4><span style=\"color: #ff9900;\">Jugendliche<\/span><\/h4>\n<p>[\/et_pb_text][et_pb_accordion admin_label=&#8220;Jugendliche&#8220; _builder_version=&#8220;4.16&#8243; global_colors_info=&#8220;{}&#8220;][et_pb_accordion_item title=&#8220;Die Schule meistern&#8220; open=&#8220;on&#8220; _builder_version=&#8220;4.16&#8243; background_size=&#8220;initial&#8220; background_position=&#8220;top_left&#8220; background_repeat=&#8220;repeat&#8220; global_colors_info=&#8220;{}&#8220;]Es gibt Phasen, in denen l\u00e4uft &#8222;alles schlecht&#8220; und die Betroffenen neigen zum Hinschmeissen. Wir unterst\u00fctzen junge Erwachsene bei der Suche nach sich selbst und der Entwicklung von Selbstmotivation.<\/p>\n<p style=\"text-align: right;\"><a href=\"https:\/\/velemir-sorger.de\/wordpress\/schueler-studenten-berufseinsteiger\/\" target=\"_blank\" rel=\"noopener\">mehr &gt;&gt;&gt;<\/a><\/p>\n<p>[\/et_pb_accordion_item][et_pb_accordion_item title=&#8220;Wohin geht die Reise?&#8220; _builder_version=&#8220;4.16&#8243; background_size=&#8220;initial&#8220; background_position=&#8220;top_left&#8220; background_repeat=&#8220;repeat&#8220; global_colors_info=&#8220;{}&#8220; open=&#8220;off&#8220;]Junge Menschen sind\u00a0oft hin und hergerissen zwischen dem Anspruch der Eltern\u00a0und eigenen Idealen. Schnell taucht dabei die Frage auf, in welche Richtung sich der Betreffende bewegen m\u00f6chte. Wir helfen bei der Suche nach Identit\u00e4t und Orientierung.<\/p>\n<p style=\"text-align: right;\"><a href=\"https:\/\/velemir-sorger.de\/wordpress\/schueler-studenten-berufseinsteiger\/\" target=\"_blank\" rel=\"noopener\">mehr &gt;&gt;&gt;<\/a><\/p>\n<p>[\/et_pb_accordion_item][\/et_pb_accordion][\/et_pb_column][\/et_pb_row][\/et_pb_section]<\/p>\n<div class=\"twoclick_social_bookmarks_post_1572 social_share_privacy clearfix 1.6.4 locale-de_DE sprite-de_DE\"><\/div><div class=\"twoclick-js\"><script type=\"text\/javascript\">\/* <![CDATA[ *\/\njQuery(document).ready(function($){if($('.twoclick_social_bookmarks_post_1572')){$('.twoclick_social_bookmarks_post_1572').socialSharePrivacy({\"services\":{\"facebook\":{\"status\":\"on\",\"txt_info\":\"2 Klicks f\\u00fcr mehr Datenschutz: Erst wenn Sie hier klicken, wird der Button aktiv und Sie k\\u00f6nnen Ihre Empfehlung an Facebook senden. Schon beim Aktivieren werden Daten an Dritte \\u00fcbertragen - siehe <em>i<\\\/em>.\",\"perma_option\":\"off\",\"action\":\"like\",\"language\":\"de_DE\"},\"twitter\":{\"reply_to\":\"\",\"tweet_text\":\"Coaching%20Rosenheim%20%C2%BB%20velemir-sorger.de\",\"status\":\"on\",\"txt_info\":\"2 Klicks f\\u00fcr mehr Datenschutz: Erst wenn Sie hier klicken, wird der Button aktiv und Sie k\\u00f6nnen Ihre Empfehlung an Twitter senden. Schon beim Aktivieren werden Daten an Dritte \\u00fcbertragen - siehe <em>i<\\\/em>.\",\"perma_option\":\"off\",\"language\":\"de\",\"referrer_track\":\"\"},\"gplus\":{\"status\":\"on\",\"txt_info\":\"2 Klicks f\\u00fcr mehr Datenschutz: Erst wenn Sie hier klicken, wird der Button aktiv und Sie k\\u00f6nnen Ihre Empfehlung an Google+ senden. Schon beim Aktivieren werden Daten an Dritte \\u00fcbertragen - siehe <em>i<\\\/em>.\",\"perma_option\":\"off\",\"referrer_track\":\"\"},\"xing\":{\"status\":\"on\",\"txt_info\":\"2 Klicks f\\u00fcr mehr Datenschutz: Erst wenn Sie hier klicken, wird der Button aktiv und Sie k\\u00f6nnen Ihre Empfehlung an Xing senden. Schon beim Aktivieren werden Daten an Dritte \\u00fcbertragen - siehe <em>i<\\\/em>.\",\"perma_option\":\"off\",\"language\":\"de\",\"referrer_track\":\"\"},\"pinterest\":{\"status\":\"on\",\"the_excerpt\":\"Coaching Rosenheim\",\"txt_info\":\"2 Klicks f\\u00fcr mehr Datenschutz: Erst wenn Sie hier klicken, wird der Button aktiv und Sie k\\u00f6nnen Ihre Empfehlung an Pinterest senden. Schon beim Aktivieren werden Daten an Dritte \\u00fcbertragen - siehe <em>i<\\\/em>.\",\"perma_option\":\"off\",\"media\":\"https:\\\/\\\/velemir-sorger.de\\\/wordpress\\\/wp-content\\\/uploads\\\/2016\\\/04\\\/kreis_allein.jpg\"},\"linkedin\":{\"status\":\"on\",\"txt_info\":\"2 Klicks f\\u00fcr mehr Datenschutz: Erst wenn Sie hier klicken, wird der Button aktiv und Sie k\\u00f6nnen Ihre Empfehlung an LinkedIn senden. Schon beim Aktivieren werden Daten an Dritte \\u00fcbertragen - siehe <em>i<\\\/em>.\",\"perma_option\":\"off\"}},\"txt_help\":\"Wenn Sie diese Felder durch einen Klick aktivieren, werden Informationen an Facebook, Twitter, Flattr, Xing, t3n, LinkedIn, Pinterest oder Google eventuell ins Ausland \\u00fcbertragen und unter Umst\\u00e4nden auch dort gespeichert. N\\u00e4heres erfahren Sie durch einen Klick auf das <em>i<\\\/em>.\",\"settings_perma\":\"Dauerhaft aktivieren und Daten\\u00fcber-tragung zustimmen:\",\"info_link\":\"http:\\\/\\\/www.heise.de\\\/ct\\\/artikel\\\/2-Klicks-fuer-mehr-Datenschutz-1333879.html\",\"uri\":\"https:\\\/\\\/velemir-sorger.de\\\/wordpress\\\/coaching-rosenheim\\\/\",\"post_id\":1572,\"post_title_referrer_track\":\"Coaching+Rosenheim\",\"display_infobox\":\"on\"});}});\n\/* ]]> *\/<\/script><\/div>","protected":false},"excerpt":{"rendered":"<p>Coaching &#038; Mediation in Rosenheim zu den Themen &#8222;F\u00fchrung&#8220;, &#8222;Team: Gemeinsam zumErfolg&#8220;, &#8222;Konflikte l\u00f6sen&#8220;, &#8222;gl\u00fcckliche Paarbeziehung&#8220;, &#8222;Orientierung f\u00fcr Jugendliche&#8220;<\/p>\n","protected":false},"author":3,"featured_media":0,"parent":0,"menu_order":0,"comment_status":"open","ping_status":"open","template":"","meta":{"_et_pb_use_builder":"on","_et_pb_old_content":"","_et_gb_content_width":"","footnotes":""},"class_list":["post-1572","page","type-page","status-publish","hentry"],"jetpack_sharing_enabled":true,"_links":{"self":[{"href":"https:\/\/velemir-sorger.de\/wordpress\/wp-json\/wp\/v2\/pages\/1572","targetHints":{"allow":["GET"]}}],"collection":[{"href":"https:\/\/velemir-sorger.de\/wordpress\/wp-json\/wp\/v2\/pages"}],"about":[{"href":"https:\/\/velemir-sorger.de\/wordpress\/wp-json\/wp\/v2\/types\/page"}],"author":[{"embeddable":true,"href":"https:\/\/velemir-sorger.de\/wordpress\/wp-json\/wp\/v2\/users\/3"}],"replies":[{"embeddable":true,"href":"https:\/\/velemir-sorger.de\/wordpress\/wp-json\/wp\/v2\/comments?post=1572"}],"version-history":[{"count":32,"href":"https:\/\/velemir-sorger.de\/wordpress\/wp-json\/wp\/v2\/pages\/1572\/revisions"}],"predecessor-version":[{"id":1921,"href":"https:\/\/velemir-sorger.de\/wordpress\/wp-json\/wp\/v2\/pages\/1572\/revisions\/1921"}],"wp:attachment":[{"href":"https:\/\/velemir-sorger.de\/wordpress\/wp-json\/wp\/v2\/media?parent=1572"}],"curies":[{"name":"wp","href":"https:\/\/api.w.org\/{rel}","templated":true}]}}